{"id":1139,"date":"2018-02-28T11:16:54","date_gmt":"2018-02-28T10:16:54","guid":{"rendered":"http:\/\/www.eurotreff.amj-musik.de\/?post_type=archiv&#038;p=1139"},"modified":"2018-04-16T16:01:58","modified_gmt":"2018-04-16T14:01:58","slug":"eurotreff-2009","status":"publish","type":"festivalarchiv","link":"https:\/\/www.eurotreff-amj.de\/en\/festivalarchiv\/eurotreff-2009\/","title":{"rendered":"EUROTREFF 2009"},"content":{"rendered":"<div id=\"pl-1139\"  class=\"panel-layout\" ><div id=\"pg-1139-0\"  class=\"panel-grid panel-has-style\" ><div style=\"padding: 100px 0; \" data-overlay=\"true\" data-overlay-color=\"#000000\" class=\"panel-row-style panel-row-style-for-1139-0\" ><div id=\"pgc-1139-0-0\"  class=\"panel-grid-cell\" ><div id=\"panel-1139-0-0-0\" class=\"so-panel widget widget_sow-editor panel-first-child panel-last-child\" data-index=\"0\" ><div style=\"text-align: left;\" data-title-color=\"#443f3f\" data-headings-color=\"#443f3f\" class=\"panel-widget-style panel-widget-style-for-1139-0-0-0\" ><div\n\t\t\t\n\t\t\tclass=\"so-widget-sow-editor so-widget-sow-editor-base\"\n\t\t\t\n\t\t>\n<div class=\"siteorigin-widget-tinymce textwidget\">\n\t<h3>\u201eEuropean Folksongs in a modern style\u201c<\/h3>\n<p>Europe is growing together, but each region has its own songs, dances and music. We would like to show how colourful European folksongs are. We will rediscover forgotten songs and present the European folksongs in a new and modern style.<\/p>\n<p>&nbsp;<\/p>\n<h4>Choirs and Ateliers<\/h4>\n<p><span class=\"tag\">Atelier Children's Choir<\/span><\/p>\n<p><strong>Margr\u00e9t B\u00f3asd\u00f3ttir (Iceland)<\/strong><br \/>\nChildren's Choir Riinimanda (Estonia)<br \/>\nChildren's Choir Canzonetta (Poland)<br \/>\nChildren's Choir April (Russia)<br \/>\nChildren's Choir Augustana (Germany)<\/p>\n<p>&nbsp;<\/p>\n<p><span class=\"tag\">Atelier Children's Choir<\/span><\/p>\n<p><strong>Catherine Maerten (France)<\/strong><br \/>\nChildren's Choir Dunavski Valni (Bulgaria)<br \/>\nChildren's Choir Kiviukai ir Ugnele (Lithuania)<br \/>\nChildren's Choir Radost Praha (Czech Republic)<\/p>\n<p>&nbsp;<\/p>\n<p><span class=\"tag\">Atelier Mixed Youth Choir<\/span><\/p>\n<p><strong>Malcolm Goldring (Great Britain)<\/strong><br \/>\nYouth Choir Coro G (Italy)<br \/>\nYouth choir Yonat (Israel)<br \/>\nBerlin Mozart Choir (Germany)<\/p>\n<p>&nbsp;<\/p>\n<p><span class=\"tag\">Atelier Mixed Youth Choir<\/span><\/p>\n<p><strong>Volker Hempfling (Germany)<\/strong><br \/>\nYouth Choir Mitte-Riinimanda (Estonia)<br \/>\nSchaumburg Youth Choir (Germany)<\/p>\n<p>&nbsp;<\/p>\n<p><span class=\"tag\">Atelier Mixed Youth Choir<\/span><\/p>\n<p><strong>Cornelius Trantow (Germany)<\/strong><br \/>\nYouth Choir Les Choristes (Poland)<br \/>\nVocal Ensemble Kaiutin (Finland)<br \/>\nYouth Choir Herzog Ernst Grammar School Uelzen (Germany)<\/p>\n<p>&nbsp;<\/p>\n<p><span class=\"tag\">Atelier Girls Choir<\/span><\/p>\n<p><strong>Tam\u00e1s Lakner (Hungary)<\/strong><br \/>\nGirls Choir Skowronki (Polen)<br \/>\nGirls Choir Shurawatschka (Belarus)<br \/>\nYouth Choir of Opera Kiel (Germany)<\/p>\n<p>&nbsp;<\/p>\n<p><span class=\"tag\">Atelier Orchestra<\/span><\/p>\n<p><strong>Alexander Burda (Germany)<\/strong><br \/>\nDragon Steel Band (Finland)<br \/>\nOrchestra of Gymnasium Gro\u00dfe Schule (Germany)<\/p>\n<\/div>\n<\/div><\/div><\/div><\/div><\/div><\/div><\/div>","protected":false},"excerpt":{"rendered":"<p>\u201eEuropean Folksongs in a modern style\u201c Europe is growing together, but each region has its own songs, dances and music. We would [&hellip;]<\/p>\n","protected":false},"featured_media":1167,"template":"","meta":{"_acf_changed":false,"_links_to":"","_links_to_target":""},"categories":[22],"tags":[],"class_list":["post-1139","festivalarchiv","type-festivalarchiv","status-publish","has-post-thumbnail","hentry","category-22"],"acf":[],"_links":{"self":[{"href":"https:\/\/www.eurotreff-amj.de\/en\/wp-json\/wp\/v2\/festivalarchiv\/1139","targetHints":{"allow":["GET"]}}],"collection":[{"href":"https:\/\/www.eurotreff-amj.de\/en\/wp-json\/wp\/v2\/festivalarchiv"}],"about":[{"href":"https:\/\/www.eurotreff-amj.de\/en\/wp-json\/wp\/v2\/types\/festivalarchiv"}],"version-history":[{"count":1,"href":"https:\/\/www.eurotreff-amj.de\/en\/wp-json\/wp\/v2\/festivalarchiv\/1139\/revisions"}],"predecessor-version":[{"id":1140,"href":"https:\/\/www.eurotreff-amj.de\/en\/wp-json\/wp\/v2\/festivalarchiv\/1139\/revisions\/1140"}],"wp:featuredmedia":[{"embeddable":true,"href":"https:\/\/www.eurotreff-amj.de\/en\/wp-json\/wp\/v2\/media\/1167"}],"wp:attachment":[{"href":"https:\/\/www.eurotreff-amj.de\/en\/wp-json\/wp\/v2\/media?parent=1139"}],"wp:term":[{"taxonomy":"category","embeddable":true,"href":"https:\/\/www.eurotreff-amj.de\/en\/wp-json\/wp\/v2\/categories?post=1139"},{"taxonomy":"post_tag","embeddable":true,"href":"https:\/\/www.eurotreff-amj.de\/en\/wp-json\/wp\/v2\/tags?post=1139"}],"curies":[{"name":"wp","href":"https:\/\/api.w.org\/{rel}","templated":true}]}}