{"id":3536,"date":"2025-04-22T14:01:27","date_gmt":"2025-04-22T12:01:27","guid":{"rendered":"https:\/\/www.eurotreff-amj.de\/?page_id=3536"},"modified":"2026-04-09T14:23:30","modified_gmt":"2026-04-09T12:23:30","slug":"studytour-2","status":"publish","type":"page","link":"https:\/\/www.eurotreff-amj.de\/en\/studytour-2\/","title":{"rendered":"Study Tour"},"content":{"rendered":"<div id=\"pl-3536\"  class=\"panel-layout\" ><div id=\"pg-3536-0\"  class=\"panel-grid panel-has-style\" ><div style=\"padding: 100px 0; \" data-overlay=\"true\" data-overlay-color=\"#000000\" class=\"panel-row-style panel-row-style-for-3536-0\" ><div id=\"pgc-3536-0-0\"  class=\"panel-grid-cell\" ><div id=\"panel-3536-0-0-0\" class=\"so-panel widget widget_sow-image panel-first-child panel-last-child\" data-index=\"0\" ><div style=\"text-align: left;\" data-title-color=\"#443f3f\" data-headings-color=\"#443f3f\" class=\"panel-widget-style panel-widget-style-for-3536-0-0-0\" ><div\n\t\t\t\n\t\t\tclass=\"so-widget-sow-image so-widget-sow-image-default-dbf295114b96-3536\"\n\t\t\t\n\t\t>\n<div class=\"sow-image-container\">\n\t\t<img fetchpriority=\"high\" \n\tsrc=\"https:\/\/www.eurotreff-amj.de\/wp-content\/uploads\/2019\/05\/Bine-Becker-Beck.jpg\" width=\"500\" height=\"600\" srcset=\"https:\/\/www.eurotreff-amj.de\/wp-content\/uploads\/2019\/05\/Bine-Becker-Beck.jpg 500w, https:\/\/www.eurotreff-amj.de\/wp-content\/uploads\/2019\/05\/Bine-Becker-Beck-250x300.jpg 250w, https:\/\/www.eurotreff-amj.de\/wp-content\/uploads\/2019\/05\/Bine-Becker-Beck-230x276.jpg 230w, https:\/\/www.eurotreff-amj.de\/wp-content\/uploads\/2019\/05\/Bine-Becker-Beck-350x420.jpg 350w, https:\/\/www.eurotreff-amj.de\/wp-content\/uploads\/2019\/05\/Bine-Becker-Beck-480x576.jpg 480w\" sizes=\"(max-width: 500px) 100vw, 500px\" alt=\"\" \t\tclass=\"so-widget-image\"\/>\n\t<\/div>\n\n<\/div><\/div><\/div><\/div><div id=\"pgc-3536-0-1\"  class=\"panel-grid-cell\" ><div id=\"panel-3536-0-1-0\" class=\"so-panel widget widget_text panel-first-child\" data-index=\"1\" ><div style=\"text-align: left;\" data-title-color=\"#443f3f\" data-headings-color=\"#443f3f\" class=\"panel-widget-style panel-widget-style-for-3536-0-1-0\" ><h3 class=\"widget-title\">11.-15.09.2019, Wolfenb\u00fcttel<\/h3>\t\t\t<div class=\"textwidget\"><p>Unter der Leitung von Bine Becker-Beck (M\u00f6nchengladbach) findet begleitend zum EUROTREFF 2019 eine Study Tour statt. Sie bietet ChorleiterInnen die M\u00f6glichkeit, sich pers\u00f6nlich weiterzubilden und Impulse f\u00fcr die eigene Chorarbeit zu erhalten.<\/p>\n<p>Die Study Tour erm\u00f6glicht<\/p>\n<ul>\n<li>in Kleingruppen Ateliers und Proben zu besuchen,<\/li>\n<li>namhafte ChorleiterInnen bei ihrer Arbeit zu erleben,<\/li>\n<li>unter qualifizierter Leitung das Erlebte zu reflektieren,<\/li>\n<li>in gedanklichen Austausch mit AtelierleiterInnen und KursteilnehmerInnen zu treten,<\/li>\n<li>Konzerte der teilnehmenden Ch\u00f6re zu h\u00f6ren,<\/li>\n<li>im Abschlusskonzert die Ergebnisse der Ateliers zu erleben.<\/li>\n<\/ul>\n<p>Die Study Tour richtet sich an praktizierende und angehende ChorleiterInnen und LehrerInnen, die das Festival mit all seinen Facetten in guter Gesellschaft erleben m\u00f6chten.<\/p>\n<\/div>\n\t\t<\/div><\/div><div id=\"panel-3536-0-1-1\" class=\"so-panel widget widget_text panel-last-child\" data-index=\"2\" ><div style=\"text-align: left;\" data-title-color=\"#443f3f\" data-headings-color=\"#443f3f\" class=\"panel-widget-style panel-widget-style-for-3536-0-1-1\" >\t\t\t<div class=\"textwidget\"><p><strong>Kurszeiten:<\/strong><br \/>\n11.09. bis 15.09. (An-\/Abreise individuell)<\/p>\n<p><strong>Kursgeb\u00fchr:<\/strong><br \/>\nAMJ-Mitglieder 125,- \u20ac \/ erm\u00e4\u00dfigt 110,- \u20ac *<br \/>\nNichtmitglieder 150,- \u20ac \/ erm\u00e4\u00dfigt 130,- \u20ac *<\/p>\n<p style=\"font-size: 12px; line-height: 15px;\">* Stipendium f\u00fcr StudentInnen<br \/>\nF\u00fcr acht StudentInnen bis 27 Jahre gew\u00e4hrt der <a style=\"color: #eee; text-decoration: underline;\" href=\"https:\/\/www.amj-musik.de\/freundeskreiseurotreff\/\" target=\"_blank\" rel=\"noopener\">\u201eFreundes- und F\u00f6rderkreis EUROTREFF\u201c<\/a> ein Stipendium zur finanziellen Unterst\u00fctzung. Dadurch reduziert sich die Kursgeb\u00fchr auf 50,- \u20ac pro Person. Bei Interesse kann zudem Unterst\u00fctzung bei der Suche nach einer kostenlosen Unterkunft (privat) gew\u00e4hrt werden (bitte bei Anmeldung mit angeben).<\/p>\n<p><strong>Unterkunft\/Verpflegung:\u2028<\/strong><br \/>\nBitte selbst organisieren. Eine Liste mit m\u00f6glichen Quartieren kann auf Wunsch zugeschickt werden.\u2028Verpflegung ist im gemeinsamen Essenszelt mit allen TeilnehmerInnen gegen Kostenerstattung m\u00f6glich.<\/p>\n<p><strong>Noten:\u2028<\/strong><br \/>\nDas Notenmaterial ist in der Kursgeb\u00fchr inbegriffen und wird vor Ort in Wolfenb\u00fcttel zur Verf\u00fcgung gestellt.<\/p>\n<p><strong>Anmeldeschluss:<\/strong> 10.08.2019<\/p>\n<p><strong>Anmeldung:<\/strong> <a style=\"color: #eee; text-decoration: underline;\" href=\"https:\/\/www.amj-musik.de\/module.php5?mod=amj_kurse&amp;fid=9&amp;id=2608\" target=\"_blank\" rel=\"noopener\">Anmeldeformular<\/a><\/p>\n<\/div>\n\t\t<\/div><\/div><\/div><\/div><\/div><\/div>","protected":false},"excerpt":{"rendered":"<p>Unter der Leitung von Bine Becker-Beck (M\u00f6nchengladbach) findet begleitend zum EUROTREFF 2019 eine Study Tour statt. Sie bietet ChorleiterInnen die M\u00f6glichkeit, sich [&hellip;]<\/p>\n","protected":false},"author":7,"featured_media":0,"parent":0,"menu_order":0,"comment_status":"closed","ping_status":"closed","template":"","meta":{"_acf_changed":false,"footnotes":"","_links_to":"","_links_to_target":""},"class_list":["post-3536","page","type-page","status-publish","hentry"],"acf":[],"_links":{"self":[{"href":"https:\/\/www.eurotreff-amj.de\/en\/wp-json\/wp\/v2\/pages\/3536","targetHints":{"allow":["GET"]}}],"collection":[{"href":"https:\/\/www.eurotreff-amj.de\/en\/wp-json\/wp\/v2\/pages"}],"about":[{"href":"https:\/\/www.eurotreff-amj.de\/en\/wp-json\/wp\/v2\/types\/page"}],"author":[{"embeddable":true,"href":"https:\/\/www.eurotreff-amj.de\/en\/wp-json\/wp\/v2\/users\/7"}],"replies":[{"embeddable":true,"href":"https:\/\/www.eurotreff-amj.de\/en\/wp-json\/wp\/v2\/comments?post=3536"}],"version-history":[{"count":17,"href":"https:\/\/www.eurotreff-amj.de\/en\/wp-json\/wp\/v2\/pages\/3536\/revisions"}],"predecessor-version":[{"id":4590,"href":"https:\/\/www.eurotreff-amj.de\/en\/wp-json\/wp\/v2\/pages\/3536\/revisions\/4590"}],"wp:attachment":[{"href":"https:\/\/www.eurotreff-amj.de\/en\/wp-json\/wp\/v2\/media?parent=3536"}],"curies":[{"name":"wp","href":"https:\/\/api.w.org\/{rel}","templated":true}]}}